{"id":56,"date":"2022-03-30T10:39:11","date_gmt":"2022-03-30T10:39:11","guid":{"rendered":"https:\/\/www.equi06.polimi.it\/?page_id=56"},"modified":"2023-10-03T19:30:53","modified_gmt":"2023-10-03T19:30:53","slug":"eventi","status":"publish","type":"page","link":"https:\/\/www.equi06.polimi.it\/?page_id=56","title":{"rendered":"Eventi"},"content":{"rendered":"\t\t<div data-elementor-type=\"wp-page\" data-elementor-id=\"56\" class=\"elementor elementor-56\">\n\t\t\t\t\t\t<section class=\"elementor-section elementor-top-section elementor-element elementor-element-36d1dcc elementor-section-boxed elementor-section-height-default elementor-section-height-default\" data-id=\"36d1dcc\" data-element_type=\"section\" data-e-type=\"section\">\n\t\t\t\t\t\t<div class=\"elementor-container elementor-column-gap-default\">\n\t\t\t\t\t<div class=\"elementor-column elementor-col-100 elementor-top-column elementor-element elementor-element-c19be97\" data-id=\"c19be97\" data-element_type=\"column\" data-e-type=\"column\">\n\t\t\t<div class=\"elementor-widget-wrap elementor-element-populated\">\n\t\t\t\t\t\t<div class=\"elementor-element elementor-element-462d8ce elementor-widget elementor-widget-heading\" data-id=\"462d8ce\" data-element_type=\"widget\" data-e-type=\"widget\" data-widget_type=\"heading.default\">\n\t\t\t\t<div class=\"elementor-widget-container\">\n\t\t\t\t\t<h2 class=\"elementor-heading-title elementor-size-default\">Eventi<\/h2>\t\t\t\t<\/div>\n\t\t\t\t<\/div>\n\t\t\t\t\t<\/div>\n\t\t<\/div>\n\t\t\t\t\t<\/div>\n\t\t<\/section>\n\t\t\t\t<section class=\"elementor-section elementor-top-section elementor-element elementor-element-e6e6aef elementor-section-full_width elementor-section-height-min-height elementor-section-items-stretch elementor-section-content-middle elementor-section-height-default\" data-id=\"e6e6aef\" data-element_type=\"section\" data-e-type=\"section\">\n\t\t\t\t\t\t<div class=\"elementor-container elementor-column-gap-default\">\n\t\t\t\t\t<div class=\"elementor-column elementor-col-50 elementor-top-column elementor-element elementor-element-590d5f9\" data-id=\"590d5f9\" data-element_type=\"column\" data-e-type=\"column\" data-settings=\"{&quot;background_background&quot;:&quot;classic&quot;}\">\n\t\t\t<div class=\"elementor-widget-wrap\">\n\t\t\t\t\t\t\t<\/div>\n\t\t<\/div>\n\t\t\t\t<div class=\"elementor-column elementor-col-50 elementor-top-column elementor-element elementor-element-f24c251\" data-id=\"f24c251\" data-element_type=\"column\" data-e-type=\"column\">\n\t\t\t<div class=\"elementor-widget-wrap elementor-element-populated\">\n\t\t\t\t\t\t<div class=\"elementor-element elementor-element-42c34e5 elementor-widget elementor-widget-heading\" data-id=\"42c34e5\" data-element_type=\"widget\" data-e-type=\"widget\" data-widget_type=\"heading.default\">\n\t\t\t\t<div class=\"elementor-widget-container\">\n\t\t\t\t\t<h4 class=\"elementor-heading-title elementor-size-default\">PENSARE 06. IL SEMINARIO DI RESTITUZIONE DEI RISULTATI DI PROGETTO<\/h4>\t\t\t\t<\/div>\n\t\t\t\t<\/div>\n\t\t\t\t<div class=\"elementor-element elementor-element-dfd1043 elementor-widget elementor-widget-text-editor\" data-id=\"dfd1043\" data-element_type=\"widget\" data-e-type=\"widget\" data-widget_type=\"text-editor.default\">\n\t\t\t\t<div class=\"elementor-widget-container\">\n\t\t\t\t\t\t\t\t\t<div class=\"elementToProof\">Pensare 0-6. Risultati e prospettive del progetto EQUI06, Equit\u00e0 e qualit\u00e0 per l&#8217;Infanzia&#8221; \u00e8 il titolo del seminario finale del progetto EQUI06, che si terr\u00e0 il <b>6 Ottobre 2023<\/b> presso il Politecnico-Bovisa. La giornata sar\u00e0 dedicata alla restituzione e alla discussione dei risultati, coinvolgendo ricercatori,\u00a0 partners di progetto ed esperti invitati a dialogare in due tavole rotonde. Per maggiori dettagli si veda il programma dell&#8217; evento.<\/div>\t\t\t\t\t\t\t\t<\/div>\n\t\t\t\t<\/div>\n\t\t\t\t<div class=\"elementor-element elementor-element-aaa3b7b elementor-widget elementor-widget-button\" data-id=\"aaa3b7b\" data-element_type=\"widget\" data-e-type=\"widget\" data-widget_type=\"button.default\">\n\t\t\t\t<div class=\"elementor-widget-container\">\n\t\t\t\t\t\t\t\t\t<div class=\"elementor-button-wrapper\">\n\t\t\t\t\t<a class=\"elementor-button elementor-button-link elementor-size-sm\" href=\"http:\/\/www.equi06.polimi.it\/wp-content\/uploads\/2023\/10\/locandina_6ottobre_EQUI06.pdf\" target=\"_blank\">\n\t\t\t\t\t\t<span class=\"elementor-button-content-wrapper\">\n\t\t\t\t\t\t\t\t\t<span class=\"elementor-button-text\">Scarica Locandina<\/span>\n\t\t\t\t\t<\/span>\n\t\t\t\t\t<\/a>\n\t\t\t\t<\/div>\n\t\t\t\t\t\t\t\t<\/div>\n\t\t\t\t<\/div>\n\t\t\t\t\t<\/div>\n\t\t<\/div>\n\t\t\t\t\t<\/div>\n\t\t<\/section>\n\t\t\t\t<section class=\"elementor-section elementor-top-section elementor-element elementor-element-caf68df elementor-section-full_width elementor-section-height-min-height elementor-section-items-stretch elementor-section-content-middle elementor-section-height-default\" data-id=\"caf68df\" data-element_type=\"section\" data-e-type=\"section\">\n\t\t\t\t\t\t<div class=\"elementor-container elementor-column-gap-default\">\n\t\t\t\t\t<div class=\"elementor-column elementor-col-50 elementor-top-column elementor-element elementor-element-1fc43a7\" data-id=\"1fc43a7\" data-element_type=\"column\" data-e-type=\"column\">\n\t\t\t<div class=\"elementor-widget-wrap elementor-element-populated\">\n\t\t\t\t\t\t<div class=\"elementor-element elementor-element-59b6825 elementor-widget elementor-widget-heading\" data-id=\"59b6825\" data-element_type=\"widget\" data-e-type=\"widget\" data-widget_type=\"heading.default\">\n\t\t\t\t<div class=\"elementor-widget-container\">\n\t\t\t\t\t<h4 class=\"elementor-heading-title elementor-size-default\">LE ATTIVITA DI CO-PROGETTAZIONE<\/h4>\t\t\t\t<\/div>\n\t\t\t\t<\/div>\n\t\t\t\t<div class=\"elementor-element elementor-element-85905ca elementor-widget elementor-widget-text-editor\" data-id=\"85905ca\" data-element_type=\"widget\" data-e-type=\"widget\" data-widget_type=\"text-editor.default\">\n\t\t\t\t<div class=\"elementor-widget-container\">\n\t\t\t\t\t\t\t\t\t<div class=\"elementToProof\"><b>Gioved\u00ec 28 Settembre<\/b>, presso il nido e la scuola dell&#8217; Infanzia Merloni, i ricercatori del dipartimento di Design hanno coordinato le ultime attivit\u00e0 di co-progettazione coinvolgendo educatori, genitori e bambini.<\/div>\n<div class=\"elementToProof\"><\/div>\n<div class=\"elementToProof\">L&#8217; evento ha chiuso una serie di incontri di co-progettazione che hanno identificato e ripensato i bisogni e le richieste di coloro che usano quotidianamente gli spazi, in vesti diverse, pensando in un&#8217; ottica di integrazione 0-6. Gli esiti sono stati alcuni interventi sugli spazi di accesso, anch&#8217; essi portati avanti in maniera congiunta tra i diversi attori coinvolti nel processo.<\/div>\t\t\t\t\t\t\t\t<\/div>\n\t\t\t\t<\/div>\n\t\t\t\t<div class=\"elementor-element elementor-element-ef11176 elementor-widget elementor-widget-button\" data-id=\"ef11176\" data-element_type=\"widget\" data-e-type=\"widget\" data-widget_type=\"button.default\">\n\t\t\t\t<div class=\"elementor-widget-container\">\n\t\t\t\t\t\t\t\t\t<div class=\"elementor-button-wrapper\">\n\t\t\t\t\t<a class=\"elementor-button elementor-button-link elementor-size-sm\" href=\"http:\/\/www.equi06.polimi.it\/wp-content\/uploads\/2023\/10\/Locandina_settembre-2023-2.pdf\" target=\"_blank\">\n\t\t\t\t\t\t<span class=\"elementor-button-content-wrapper\">\n\t\t\t\t\t\t\t\t\t<span class=\"elementor-button-text\">Scarica Locandina<\/span>\n\t\t\t\t\t<\/span>\n\t\t\t\t\t<\/a>\n\t\t\t\t<\/div>\n\t\t\t\t\t\t\t\t<\/div>\n\t\t\t\t<\/div>\n\t\t\t\t\t<\/div>\n\t\t<\/div>\n\t\t\t\t<div class=\"elementor-column elementor-col-50 elementor-top-column elementor-element elementor-element-346eaa8\" data-id=\"346eaa8\" data-element_type=\"column\" data-e-type=\"column\" data-settings=\"{&quot;background_background&quot;:&quot;classic&quot;}\">\n\t\t\t<div class=\"elementor-widget-wrap\">\n\t\t\t\t\t\t\t<\/div>\n\t\t<\/div>\n\t\t\t\t\t<\/div>\n\t\t<\/section>\n\t\t\t\t<section class=\"elementor-section elementor-top-section elementor-element elementor-element-b9e490e elementor-section-full_width elementor-section-height-min-height elementor-section-items-stretch elementor-section-content-middle elementor-section-height-default\" data-id=\"b9e490e\" data-element_type=\"section\" data-e-type=\"section\">\n\t\t\t\t\t\t<div class=\"elementor-container elementor-column-gap-default\">\n\t\t\t\t\t<div class=\"elementor-column elementor-col-50 elementor-top-column elementor-element elementor-element-5b5ce92\" data-id=\"5b5ce92\" data-element_type=\"column\" data-e-type=\"column\" data-settings=\"{&quot;background_background&quot;:&quot;classic&quot;}\">\n\t\t\t<div class=\"elementor-widget-wrap\">\n\t\t\t\t\t\t\t<\/div>\n\t\t<\/div>\n\t\t\t\t<div class=\"elementor-column elementor-col-50 elementor-top-column elementor-element elementor-element-6a5459f\" data-id=\"6a5459f\" data-element_type=\"column\" data-e-type=\"column\">\n\t\t\t<div class=\"elementor-widget-wrap elementor-element-populated\">\n\t\t\t\t\t\t<div class=\"elementor-element elementor-element-76f27b4 elementor-widget elementor-widget-heading\" data-id=\"76f27b4\" data-element_type=\"widget\" data-e-type=\"widget\" data-widget_type=\"heading.default\">\n\t\t\t\t<div class=\"elementor-widget-container\">\n\t\t\t\t\t<h4 class=\"elementor-heading-title elementor-size-default\">INCONTRI DI PROGETTO<\/h4>\t\t\t\t<\/div>\n\t\t\t\t<\/div>\n\t\t\t\t<div class=\"elementor-element elementor-element-9e2db88 elementor-widget elementor-widget-text-editor\" data-id=\"9e2db88\" data-element_type=\"widget\" data-e-type=\"widget\" data-widget_type=\"text-editor.default\">\n\t\t\t\t<div class=\"elementor-widget-container\">\n\t\t\t\t\t\t\t\t\tI partners di progetto EQUI06 si sono riuniti in due diversi momenti nel corso degli ultimi mesi:\n\nIl <b>28 Novembre 2022<\/b> presso la sede del Politecnico di Piazza Leonardo Da vinci e il <b>23 Maggio 2023<\/b> presso la sede in Bovisa. Entrambi i momenti sono stati strutturati attorno alla presentazione degli avanzamenti dei diversi WP e a un ricco confronto tra i partners di progetto.\t\t\t\t\t\t\t\t<\/div>\n\t\t\t\t<\/div>\n\t\t\t\t\t<\/div>\n\t\t<\/div>\n\t\t\t\t\t<\/div>\n\t\t<\/section>\n\t\t\t\t<section class=\"elementor-section elementor-top-section elementor-element elementor-element-a430190 elementor-section-full_width elementor-section-height-min-height elementor-section-items-stretch elementor-section-content-middle elementor-section-height-default\" data-id=\"a430190\" data-element_type=\"section\" data-e-type=\"section\">\n\t\t\t\t\t\t<div class=\"elementor-container elementor-column-gap-default\">\n\t\t\t\t\t<div class=\"elementor-column elementor-col-50 elementor-top-column elementor-element elementor-element-039ce86\" data-id=\"039ce86\" data-element_type=\"column\" data-e-type=\"column\">\n\t\t\t<div class=\"elementor-widget-wrap elementor-element-populated\">\n\t\t\t\t\t\t<div class=\"elementor-element elementor-element-0165fa6 elementor-widget elementor-widget-heading\" data-id=\"0165fa6\" data-element_type=\"widget\" data-e-type=\"widget\" data-widget_type=\"heading.default\">\n\t\t\t\t<div class=\"elementor-widget-container\">\n\t\t\t\t\t<h4 class=\"elementor-heading-title elementor-size-default\">INTERVISTA SU EQUI06<\/h4>\t\t\t\t<\/div>\n\t\t\t\t<\/div>\n\t\t\t\t<div class=\"elementor-element elementor-element-cd5a4ec elementor-widget elementor-widget-text-editor\" data-id=\"cd5a4ec\" data-element_type=\"widget\" data-e-type=\"widget\" data-widget_type=\"text-editor.default\">\n\t\t\t\t<div class=\"elementor-widget-container\">\n\t\t\t\t\t\t\t\t\t<p>Stefania Sabatinelli, coordinatrice scientifica del progetto EQUI06, ha rilasciato un\u2019intervista alla Community di Laureti del Politecnico in cui descrive oggetto e finalit\u00e0 del progetto. Un <a href=\"https:\/\/alumni.polimi.it\/2023\/05\/25\/buone-notizie-per-bambini-e-genitori-il-poli-sta-studiando-gli-asili-nido\/\">articolo<\/a> riporta la conversazione sul sito web <a href=\"http:\/\/www.alumni.polimi.it\/\">www.alumni.polimi.it<\/a><\/p>\t\t\t\t\t\t\t\t<\/div>\n\t\t\t\t<\/div>\n\t\t\t\t<div class=\"elementor-element elementor-element-82f050b elementor-widget elementor-widget-button\" data-id=\"82f050b\" data-element_type=\"widget\" data-e-type=\"widget\" data-widget_type=\"button.default\">\n\t\t\t\t<div class=\"elementor-widget-container\">\n\t\t\t\t\t\t\t\t\t<div class=\"elementor-button-wrapper\">\n\t\t\t\t\t<a class=\"elementor-button elementor-button-link elementor-size-sm\" href=\"https:\/\/alumni.polimi.it\/2023\/05\/25\/buone-notizie-per-bambini-e-genitori-il-poli-sta-studiando-gli-asili-nido\/\" target=\"_blank\">\n\t\t\t\t\t\t<span class=\"elementor-button-content-wrapper\">\n\t\t\t\t\t\t\t\t\t<span class=\"elementor-button-text\">Vai all'articolo<\/span>\n\t\t\t\t\t<\/span>\n\t\t\t\t\t<\/a>\n\t\t\t\t<\/div>\n\t\t\t\t\t\t\t\t<\/div>\n\t\t\t\t<\/div>\n\t\t\t\t\t<\/div>\n\t\t<\/div>\n\t\t\t\t<div class=\"elementor-column elementor-col-50 elementor-top-column elementor-element elementor-element-546dc59\" data-id=\"546dc59\" data-element_type=\"column\" data-e-type=\"column\" data-settings=\"{&quot;background_background&quot;:&quot;classic&quot;}\">\n\t\t\t<div class=\"elementor-widget-wrap\">\n\t\t\t\t\t\t\t<\/div>\n\t\t<\/div>\n\t\t\t\t\t<\/div>\n\t\t<\/section>\n\t\t\t\t<section class=\"elementor-section elementor-top-section elementor-element elementor-element-9edab5d elementor-section-full_width elementor-section-height-min-height elementor-section-items-stretch elementor-section-content-middle elementor-section-height-default\" data-id=\"9edab5d\" data-element_type=\"section\" data-e-type=\"section\">\n\t\t\t\t\t\t<div class=\"elementor-container elementor-column-gap-default\">\n\t\t\t\t\t<div class=\"elementor-column elementor-col-50 elementor-top-column elementor-element elementor-element-979c042\" data-id=\"979c042\" data-element_type=\"column\" data-e-type=\"column\" data-settings=\"{&quot;background_background&quot;:&quot;classic&quot;}\">\n\t\t\t<div class=\"elementor-widget-wrap\">\n\t\t\t\t\t\t\t<\/div>\n\t\t<\/div>\n\t\t\t\t<div class=\"elementor-column elementor-col-50 elementor-top-column elementor-element elementor-element-b0e71d8\" data-id=\"b0e71d8\" data-element_type=\"column\" data-e-type=\"column\">\n\t\t\t<div class=\"elementor-widget-wrap elementor-element-populated\">\n\t\t\t\t\t\t<div class=\"elementor-element elementor-element-b9d091b elementor-widget elementor-widget-heading\" data-id=\"b9d091b\" data-element_type=\"widget\" data-e-type=\"widget\" data-widget_type=\"heading.default\">\n\t\t\t\t<div class=\"elementor-widget-container\">\n\t\t\t\t\t<h4 class=\"elementor-heading-title elementor-size-default\">SPAZI(O) AI BAMBINI<\/h4>\t\t\t\t<\/div>\n\t\t\t\t<\/div>\n\t\t\t\t<div class=\"elementor-element elementor-element-4926e83 elementor-widget elementor-widget-text-editor\" data-id=\"4926e83\" data-element_type=\"widget\" data-e-type=\"widget\" data-widget_type=\"text-editor.default\">\n\t\t\t\t<div class=\"elementor-widget-container\">\n\t\t\t\t\t\t\t\t\t<p><b>21 Dicembre 2022 | 9:30 &#8211; 16:30<\/b><br \/><br \/><\/p><p>Presentazione finale dei lavori del <b>&#8220;Corso integrato di Urbanistica a.a. 2022-2023<\/b>&#8220;<br \/><br \/><\/p><p><b>Docenti:<\/b> Stefania Sabatinelli e Paola Savoldi<br \/><b>Collaboratrici:<\/b> Federica Rotondo e Martina Bovo<\/p>\t\t\t\t\t\t\t\t<\/div>\n\t\t\t\t<\/div>\n\t\t\t\t<div class=\"elementor-element elementor-element-fd36c1a elementor-widget elementor-widget-button\" data-id=\"fd36c1a\" data-element_type=\"widget\" data-e-type=\"widget\" data-widget_type=\"button.default\">\n\t\t\t\t<div class=\"elementor-widget-container\">\n\t\t\t\t\t\t\t\t\t<div class=\"elementor-button-wrapper\">\n\t\t\t\t\t<a class=\"elementor-button elementor-button-link elementor-size-sm\" href=\"http:\/\/www.equi06.polimi.it\/wp-content\/uploads\/2022\/12\/20221221_CI-URBANISTICA_Presentazione-finale.pdf\" target=\"_blank\">\n\t\t\t\t\t\t<span class=\"elementor-button-content-wrapper\">\n\t\t\t\t\t\t\t\t\t<span class=\"elementor-button-text\">Scarica locandina evento<\/span>\n\t\t\t\t\t<\/span>\n\t\t\t\t\t<\/a>\n\t\t\t\t<\/div>\n\t\t\t\t\t\t\t\t<\/div>\n\t\t\t\t<\/div>\n\t\t\t\t\t<\/div>\n\t\t<\/div>\n\t\t\t\t\t<\/div>\n\t\t<\/section>\n\t\t\t\t<section class=\"elementor-section elementor-top-section elementor-element elementor-element-685ffcd elementor-section-full_width elementor-section-height-min-height elementor-section-items-stretch elementor-section-content-middle elementor-section-height-default\" data-id=\"685ffcd\" data-element_type=\"section\" data-e-type=\"section\">\n\t\t\t\t\t\t<div class=\"elementor-container elementor-column-gap-default\">\n\t\t\t\t\t<div class=\"elementor-column elementor-col-50 elementor-top-column elementor-element elementor-element-d528ac5\" data-id=\"d528ac5\" data-element_type=\"column\" data-e-type=\"column\">\n\t\t\t<div class=\"elementor-widget-wrap elementor-element-populated\">\n\t\t\t\t\t\t<div class=\"elementor-element elementor-element-31f9e9d elementor-widget elementor-widget-heading\" data-id=\"31f9e9d\" data-element_type=\"widget\" data-e-type=\"widget\" data-widget_type=\"heading.default\">\n\t\t\t\t<div class=\"elementor-widget-container\">\n\t\t\t\t\t<h4 class=\"elementor-heading-title elementor-size-default\">EDUCAZIONE ZEROSEI<\/h4>\t\t\t\t<\/div>\n\t\t\t\t<\/div>\n\t\t\t\t<div class=\"elementor-element elementor-element-0f68ad4 elementor-widget elementor-widget-text-editor\" data-id=\"0f68ad4\" data-element_type=\"widget\" data-e-type=\"widget\" data-widget_type=\"text-editor.default\">\n\t\t\t\t<div class=\"elementor-widget-container\">\n\t\t\t\t\t\t\t\t\t<p>Il 27 Ottobre 2022, <b>EQUI06<\/b> sar\u00e0 ospite al convegno <b>&#8220;Educazione 0-6: Sistema Integrato e Innovazione Pedagogica&#8221;: <\/b><i>Paola Savoldi<\/i>, del Dipartimento di Architettura e Studi Urbani del Politecnico di Milano, e <i>Martina Magnani<\/i>, dell&#8217; Area Tecnica Scuole del Comune di Milano,\u00a0presenteranno infatti il progetto all&#8217; interno del PANEL 2 &#8220;<span class=\"ContentPasted0 ContentPasted1\">Spazi Educativi e Territori&#8221; coordinato da <i>Stefania Sabatinelli<\/i>, con un intervento dal titolo &#8220;<b>Integrazione e continuit\u00e0 nel territorio: verso i poli per l\u2019infanzia. Il progetto Polisocial \u201cEqui 06\u201d.<\/b><\/span><\/p><p><span class=\"ContentPasted0 ContentPasted1\">Per maggiori dettagli si veda il programma dell&#8217; evento.<\/span><\/p>\t\t\t\t\t\t\t\t<\/div>\n\t\t\t\t<\/div>\n\t\t\t\t<div class=\"elementor-element elementor-element-11a94f1 elementor-widget elementor-widget-button\" data-id=\"11a94f1\" data-element_type=\"widget\" data-e-type=\"widget\" data-widget_type=\"button.default\">\n\t\t\t\t<div class=\"elementor-widget-container\">\n\t\t\t\t\t\t\t\t\t<div class=\"elementor-button-wrapper\">\n\t\t\t\t\t<a class=\"elementor-button elementor-button-link elementor-size-sm\" href=\"http:\/\/www.equi06.polimi.it\/wp-content\/uploads\/2022\/10\/Programma-Convegno-Zerosei-27_10_22.pdf\" target=\"_blank\">\n\t\t\t\t\t\t<span class=\"elementor-button-content-wrapper\">\n\t\t\t\t\t\t\t\t\t<span class=\"elementor-button-text\">Scarica il programma completo<\/span>\n\t\t\t\t\t<\/span>\n\t\t\t\t\t<\/a>\n\t\t\t\t<\/div>\n\t\t\t\t\t\t\t\t<\/div>\n\t\t\t\t<\/div>\n\t\t\t\t\t<\/div>\n\t\t<\/div>\n\t\t\t\t<div class=\"elementor-column elementor-col-50 elementor-top-column elementor-element elementor-element-62d8622\" data-id=\"62d8622\" data-element_type=\"column\" data-e-type=\"column\" data-settings=\"{&quot;background_background&quot;:&quot;classic&quot;}\">\n\t\t\t<div class=\"elementor-widget-wrap\">\n\t\t\t\t\t\t\t<\/div>\n\t\t<\/div>\n\t\t\t\t\t<\/div>\n\t\t<\/section>\n\t\t\t\t<section class=\"elementor-section elementor-top-section elementor-element elementor-element-f6c33ef elementor-section-full_width elementor-section-height-min-height elementor-section-items-stretch elementor-section-content-middle elementor-hidden-desktop elementor-hidden-tablet elementor-hidden-mobile elementor-section-height-default\" data-id=\"f6c33ef\" data-element_type=\"section\" data-e-type=\"section\">\n\t\t\t\t\t\t<div class=\"elementor-container elementor-column-gap-default\">\n\t\t\t\t\t<div class=\"elementor-column elementor-col-50 elementor-top-column elementor-element elementor-element-8e7eb44\" data-id=\"8e7eb44\" data-element_type=\"column\" data-e-type=\"column\" data-settings=\"{&quot;background_background&quot;:&quot;classic&quot;}\">\n\t\t\t<div class=\"elementor-widget-wrap\">\n\t\t\t\t\t\t\t<\/div>\n\t\t<\/div>\n\t\t\t\t<div class=\"elementor-column elementor-col-50 elementor-top-column elementor-element elementor-element-e6f185f\" data-id=\"e6f185f\" data-element_type=\"column\" data-e-type=\"column\">\n\t\t\t<div class=\"elementor-widget-wrap elementor-element-populated\">\n\t\t\t\t\t\t<div class=\"elementor-element elementor-element-746c9c2 elementor-widget elementor-widget-heading\" data-id=\"746c9c2\" data-element_type=\"widget\" data-e-type=\"widget\" data-widget_type=\"heading.default\">\n\t\t\t\t<div class=\"elementor-widget-container\">\n\t\t\t\t\t<h4 class=\"elementor-heading-title elementor-size-default\">Evento xyz<\/h4>\t\t\t\t<\/div>\n\t\t\t\t<\/div>\n\t\t\t\t<div class=\"elementor-element elementor-element-71e39a3 elementor-widget elementor-widget-text-editor\" data-id=\"71e39a3\" data-element_type=\"widget\" data-e-type=\"widget\" data-widget_type=\"text-editor.default\">\n\t\t\t\t<div class=\"elementor-widget-container\">\n\t\t\t\t\t\t\t\t\t<p>It is a long established fact that a reader will be distracted by the readable content of a page when looking at its layout. The point of using Lorem Ipsum is that it has a more-or-less normal distribution of letters, as opposed to using &#8216;Content here, content here&#8217;, making it look like readable English. Many desktop publishing packages and web page editors.<\/p><p>It is a long established fact that a reader will be distracted by the readable content of a page when looking at its layout.\u00a0<\/p>\t\t\t\t\t\t\t\t<\/div>\n\t\t\t\t<\/div>\n\t\t\t\t<div class=\"elementor-element elementor-element-79b9570 elementor-widget elementor-widget-button\" data-id=\"79b9570\" data-element_type=\"widget\" data-e-type=\"widget\" data-widget_type=\"button.default\">\n\t\t\t\t<div class=\"elementor-widget-container\">\n\t\t\t\t\t\t\t\t\t<div class=\"elementor-button-wrapper\">\n\t\t\t\t\t<a class=\"elementor-button elementor-button-link elementor-size-sm\" href=\"#\">\n\t\t\t\t\t\t<span class=\"elementor-button-content-wrapper\">\n\t\t\t\t\t\t\t\t\t<span class=\"elementor-button-text\">Discover more<\/span>\n\t\t\t\t\t<\/span>\n\t\t\t\t\t<\/a>\n\t\t\t\t<\/div>\n\t\t\t\t\t\t\t\t<\/div>\n\t\t\t\t<\/div>\n\t\t\t\t\t<\/div>\n\t\t<\/div>\n\t\t\t\t\t<\/div>\n\t\t<\/section>\n\t\t\t\t<section class=\"elementor-section elementor-top-section elementor-element elementor-element-90618d1 elementor-section-full_width elementor-section-height-min-height elementor-section-items-stretch elementor-section-content-middle elementor-hidden-desktop elementor-hidden-tablet elementor-hidden-mobile elementor-section-height-default\" data-id=\"90618d1\" data-element_type=\"section\" data-e-type=\"section\">\n\t\t\t\t\t\t<div class=\"elementor-container elementor-column-gap-default\">\n\t\t\t\t\t<div class=\"elementor-column elementor-col-50 elementor-top-column elementor-element elementor-element-28c24d7\" data-id=\"28c24d7\" data-element_type=\"column\" data-e-type=\"column\">\n\t\t\t<div class=\"elementor-widget-wrap elementor-element-populated\">\n\t\t\t\t\t\t<div class=\"elementor-element elementor-element-a7be819 elementor-widget elementor-widget-heading\" data-id=\"a7be819\" data-element_type=\"widget\" data-e-type=\"widget\" data-widget_type=\"heading.default\">\n\t\t\t\t<div class=\"elementor-widget-container\">\n\t\t\t\t\t<h4 class=\"elementor-heading-title elementor-size-default\">Evento xyz<\/h4>\t\t\t\t<\/div>\n\t\t\t\t<\/div>\n\t\t\t\t<div class=\"elementor-element elementor-element-bc19376 elementor-widget elementor-widget-text-editor\" data-id=\"bc19376\" data-element_type=\"widget\" data-e-type=\"widget\" data-widget_type=\"text-editor.default\">\n\t\t\t\t<div class=\"elementor-widget-container\">\n\t\t\t\t\t\t\t\t\t<p>It is a long established fact that a reader will be distracted by the readable content of a page when looking at its layout. The point of using Lorem Ipsum is that it has a more-or-less normal distribution of letters, as opposed to using &#8216;Content here, content here&#8217;, making it look like readable English. Many desktop publishing packages and web page editors.<\/p><p>It is a long established fact that a reader will be distracted by the readable content of a page when looking at its layout.\u00a0<\/p>\t\t\t\t\t\t\t\t<\/div>\n\t\t\t\t<\/div>\n\t\t\t\t<div class=\"elementor-element elementor-element-06ec478 elementor-widget elementor-widget-button\" data-id=\"06ec478\" data-element_type=\"widget\" data-e-type=\"widget\" data-widget_type=\"button.default\">\n\t\t\t\t<div class=\"elementor-widget-container\">\n\t\t\t\t\t\t\t\t\t<div class=\"elementor-button-wrapper\">\n\t\t\t\t\t<a class=\"elementor-button elementor-button-link elementor-size-sm\" href=\"#\">\n\t\t\t\t\t\t<span class=\"elementor-button-content-wrapper\">\n\t\t\t\t\t\t\t\t\t<span class=\"elementor-button-text\">Discover more<\/span>\n\t\t\t\t\t<\/span>\n\t\t\t\t\t<\/a>\n\t\t\t\t<\/div>\n\t\t\t\t\t\t\t\t<\/div>\n\t\t\t\t<\/div>\n\t\t\t\t\t<\/div>\n\t\t<\/div>\n\t\t\t\t<div class=\"elementor-column elementor-col-50 elementor-top-column elementor-element elementor-element-fde696e\" data-id=\"fde696e\" data-element_type=\"column\" data-e-type=\"column\" data-settings=\"{&quot;background_background&quot;:&quot;classic&quot;}\">\n\t\t\t<div class=\"elementor-widget-wrap\">\n\t\t\t\t\t\t\t<\/div>\n\t\t<\/div>\n\t\t\t\t\t<\/div>\n\t\t<\/section>\n\t\t\t\t<section class=\"elementor-section elementor-top-section elementor-element elementor-element-db1bac1 elementor-section-boxed elementor-section-height-default elementor-section-height-default\" data-id=\"db1bac1\" data-element_type=\"section\" data-e-type=\"section\">\n\t\t\t\t\t\t<div class=\"elementor-container elementor-column-gap-default\">\n\t\t\t\t\t<div class=\"elementor-column elementor-col-100 elementor-top-column elementor-element elementor-element-a3f2e25\" data-id=\"a3f2e25\" data-element_type=\"column\" data-e-type=\"column\">\n\t\t\t<div class=\"elementor-widget-wrap elementor-element-populated\">\n\t\t\t\t\t\t<div class=\"elementor-element elementor-element-122198b elementor-widget elementor-widget-spacer\" data-id=\"122198b\" data-element_type=\"widget\" data-e-type=\"widget\" data-widget_type=\"spacer.default\">\n\t\t\t\t<div class=\"elementor-widget-container\">\n\t\t\t\t\t\t\t<div class=\"elementor-spacer\">\n\t\t\t<div class=\"elementor-spacer-inner\"><\/div>\n\t\t<\/div>\n\t\t\t\t\t\t<\/div>\n\t\t\t\t<\/div>\n\t\t\t\t\t<\/div>\n\t\t<\/div>\n\t\t\t\t\t<\/div>\n\t\t<\/section>\n\t\t\t\t<\/div>\n\t\t","protected":false},"excerpt":{"rendered":"<p>Eventi PENSARE 06. IL SEMINARIO DI RESTITUZIONE DEI RISULTATI DI PROGETTO Pensare 0-6. Risultati e prospettive del progetto EQUI06, Equit\u00e0 e qualit\u00e0 per l&#8217;Infanzia&#8221; \u00e8 il titolo del seminario finale del progetto EQUI06, che si terr\u00e0 il 6 Ottobre 2023 presso il Politecnico-Bovisa. La giornata sar\u00e0 dedicata alla restituzione e alla discussione dei risultati, coinvolgendo [&hellip;]<\/p>\n","protected":false},"author":2,"featured_media":0,"parent":0,"menu_order":0,"comment_status":"closed","ping_status":"closed","template":"elementor_header_footer","meta":{"footnotes":""},"class_list":["post-56","page","type-page","status-publish","hentry"],"_links":{"self":[{"href":"https:\/\/www.equi06.polimi.it\/index.php?rest_route=\/wp\/v2\/pages\/56","targetHints":{"allow":["GET"]}}],"collection":[{"href":"https:\/\/www.equi06.polimi.it\/index.php?rest_route=\/wp\/v2\/pages"}],"about":[{"href":"https:\/\/www.equi06.polimi.it\/index.php?rest_route=\/wp\/v2\/types\/page"}],"author":[{"embeddable":true,"href":"https:\/\/www.equi06.polimi.it\/index.php?rest_route=\/wp\/v2\/users\/2"}],"replies":[{"embeddable":true,"href":"https:\/\/www.equi06.polimi.it\/index.php?rest_route=%2Fwp%2Fv2%2Fcomments&post=56"}],"version-history":[{"count":76,"href":"https:\/\/www.equi06.polimi.it\/index.php?rest_route=\/wp\/v2\/pages\/56\/revisions"}],"predecessor-version":[{"id":783,"href":"https:\/\/www.equi06.polimi.it\/index.php?rest_route=\/wp\/v2\/pages\/56\/revisions\/783"}],"wp:attachment":[{"href":"https:\/\/www.equi06.polimi.it\/index.php?rest_route=%2Fwp%2Fv2%2Fmedia&parent=56"}],"curies":[{"name":"wp","href":"https:\/\/api.w.org\/{rel}","templated":true}]}}